{"id":2335,"date":"2024-04-03T15:27:34","date_gmt":"2024-04-03T13:27:34","guid":{"rendered":"https:\/\/sillaselevadoras.es\/?page_id=2335"},"modified":"2024-04-05T11:52:47","modified_gmt":"2024-04-05T09:52:47","slug":"declaracion-de-accesibilidad","status":"publish","type":"page","link":"https:\/\/sillaselevadoras.es\/ca\/declaracion-de-accesibilidad\/","title":{"rendered":""},"content":{"rendered":"<div data-elementor-type=\"wp-page\" data-elementor-id=\"2335\" class=\"elementor elementor-2335\" data-elementor-post-type=\"page\">\n\t\t\t\t<div class=\"elementor-element elementor-element-d3877b8 e-flex e-con-boxed e-con e-parent\" data-id=\"d3877b8\" data-element_type=\"container\" data-e-type=\"container\">\n\t\t\t\t\t<div class=\"e-con-inner\">\n\t\t\t\t\t<\/div>\n\t\t\t\t<\/div>\n\t\t<div class=\"elementor-element elementor-element-368acb95 e-flex e-con-boxed e-con e-parent\" data-id=\"368acb95\" data-element_type=\"container\" data-e-type=\"container\">\n\t\t\t\t\t<div class=\"e-con-inner\">\n\t\t\t\t<div class=\"elementor-element elementor-element-13845354 elementor-widget elementor-widget-text-editor\" data-id=\"13845354\" data-element_type=\"widget\" data-e-type=\"widget\" data-widget_type=\"text-editor.default\">\n\t\t\t\t<div class=\"elementor-widget-container\">\n\t\t\t\t\t\t\t\t\t\n<p><strong>DECLARACI\u00d3N DE ACCESIBILIDAD<\/strong><\/p>\n\n\n\n<p><strong>Accessibilitat Catalunya SL<\/strong> se ha comprometido a hacer accesible su sitio web de conformidad con el <a href=\"https:\/\/www.boe.es\/diario_boe\/txt.php?id=BOE-A-2018-12699\">Real Decreto 1112\/2018, de 7 de septiembre, sobre accesibilidad de los sitios web y aplicaciones para dispositivos m\u00f3viles del sector p\u00fablico.<\/a><\/p>\n\n\n\n<p>La presente declaraci\u00f3n se aplica a: <a href=\"https:\/\/sillaselevadoras.es\/ca\/\">https:\/\/sillaselevadoras.es\/<\/a><\/p>\n\n\n\n<p><strong>SITUACI\u00d3N DE CUMPLIMIENTO<\/strong><\/p>\n\n\n\n<p>Este sitio web es <strong>parcialmente conforme<\/strong> con el <a href=\"https:\/\/www.boe.es\/diario_boe\/txt.php?id=BOE-A-2018-12699\">RD 1112\/2018 <\/a>debido a las excepciones y a la falta de conformidad de los aspectos que indican a continuaci\u00f3n.<\/p>\n\n\n\n<p><strong>CONTENIDO NO ACCESIBLE<\/strong><\/p>\n\n\n\n<p>Falta de conformidad<\/p>\n\n\n\n<p>El contenido que se recoge a continuaci\u00f3n no es accesible por los siguientes motivos:<\/p>\n\n\n\n<ul class=\"wp-block-list\">\n<li>Puede que no se pueda mover el foco a un componente de la p\u00e1gina usando una interfaz de teclado \u2013 Requisito n\u00famero 9.2.1.2 de UNE \u2013 EN 301546:2022.<\/li>\n\n\n\n<li>Una de las p\u00e1ginas no proporciona m\u00faltiples v\u00edas para localizar una p\u00e1gina web &#8211; Requisito n\u00famero 9.2.4.5 de UNE \u2013 EN 301546:2022.<\/li>\n\n\n\n<li>Puede ser que algunos de los componentes no reciban el foco &#8211; Requisito n\u00famero 9.3.2.1 de UNE \u2013 EN 301546:2022.<\/li>\n\n\n\n<li>Es posible que una p\u00e1gina no haya una identificaci\u00f3n coherente &#8211; Requisito n\u00famero 9.3.2.4 de UNE \u2013 EN 301546:2022.<\/li>\n\n\n\n<li>En una p\u00e1gina no aparecen etiquetas o instrucciones \u2013 Requisito n\u00famero 9.3.3.2 de UNE \u2013 EN 301546:2022.<\/li>\n<\/ul>\n\n\n\n<p>Carga desproporcionada: No resulta aplicable<\/p>\n\n\n\n<ul class=\"wp-block-list\">\n<li>El contenido no entra dentro del \u00e1mbito de la legislaci\u00f3n aplicable.<\/li>\n<\/ul>\n\n\n\n<p>El contenido no entra dentro del \u00e1mbito de la legislaci\u00f3n aplicable.<\/p>\n\n\n\n<p>Podr\u00edan existir archivos ofim\u00e1ticos PDF u otros formatos publicados antes del <strong>29 de febrero de 2024<\/strong> que no cumplan en su totalidad todos los requisitos de accesibilidad. Aunque se ha procurado que la mayor\u00eda de ellos s\u00ed lo cumplan.<\/p>\n\n\n\n<p><strong>PREPARACI\u00d3N PARA LA SIGUIENTE DECLARACI\u00d3N DE ACCESIBILIDAD<\/strong><\/p>\n\n\n\n<p>La presente declaraci\u00f3n fue preparada el <strong>29 de febrero de 2024<\/strong>.<\/p>\n\n\n\n<p>El m\u00e9todo empleado para presentar la declaraci\u00f3n ha sido la empresa tercera <a href=\"https:\/\/nytelweb.es\/\">NYTELCOM TELECOMUNICACIONES, SL<\/a>. la cual certifica que el presente sitio web corresponde sustancialmente a la interpretaci\u00f3n de la gu\u00eda informativa proporcionada por las pautas WCAG 2.1 A. En este esfuerzo continuo en la eliminaci\u00f3n de barreras seguir\u00e1n mejorando este sitio hasta alcanzar una accesibilidad y usabilidad \u00f3ptimas para todos los usuarios.<\/p>\n\n\n\n<p>\u00daltima revisi\u00f3n de la declaraci\u00f3n: <strong>1 de abril de 2024<\/strong>.<\/p>\n\n\n\n<p><strong>OBSERVACI\u00d3N Y DATOS DE CONTACTO<\/strong><\/p>\n\n\n\n<p>Puede realizar comunicaciones sobre los requisitos de accesibilidad (art\u00edculo 10.2a del RD 1112\/2018) como, por ejemplo:<\/p>\n\n\n\n<ul class=\"wp-block-list\">\n<li>Informar sobre cualquier posible incumplimiento por parte de este sitio web.<\/li>\n\n\n\n<li>Transmitir otras dificultades de acceso al contenido.<\/li>\n\n\n\n<li>Formular cualquier otra consulta o sugerencia de mejora relativa a la accesibilidad del sitio web.<\/li>\n<\/ul>\n\n\n\n<p>A trav\u00e9s del <a href=\"https:\/\/sillaselevadoras.es\/ca\/contacto\/\">formulario de contacto<\/a> de este sitio web o a trav\u00e9s del n\u00famero de tel\u00e9fono (+34) 915.01.61.08.<\/p>\n\n\n\n<p>Puede presentar:<\/p>\n\n\n\n<ul class=\"wp-block-list\">\n<li>Queja relativa al cumplimiento de los requisitos del RD 1112\/2018 o<\/li>\n\n\n\n<li>Solicitud de informaci\u00f3n accesible relativa a:<ul><li>Contenidos que est\u00e1n excluidos del \u00e1mbito de aplicaci\u00f3n del RD 1112\/2018 seg\u00fan lo establecido por el art\u00edculo 3, apartado 4.<\/li><\/ul>\n<ul class=\"wp-block-list\">\n<li>Contenidos que est\u00e1n exentos del cumplimiento de los requisitos de accesibilidad por imponer una carga desproporcionada.<\/li>\n<\/ul>\n<\/li>\n<\/ul>\n\n\n\n<p>En la solicitud de informaci\u00f3n accesible, se debe concretar, con toda la claridad, los hechos, las razones y petici\u00f3n que permitan constatar que se trata de una solicitud razonable y leg\u00edtima.<\/p>\n\t\t\t\t\t\t\t\t<\/div>\n\t\t\t\t<\/div>\n\t\t\t\t\t<\/div>\n\t\t\t\t<\/div>\n\t\t\t\t<\/div>","protected":false},"excerpt":{"rendered":"<p>DECLARACI\u00d3N DE ACCESIBILIDAD Accessibilitat Catalunya SL se ha comprometido a hacer accesible su sitio web de conformidad con el Real Decreto 1112\/2018, de 7 de septiembre, sobre accesibilidad de los sitios web y aplicaciones para dispositivos m\u00f3viles del sector p\u00fablico. La presente declaraci\u00f3n se aplica a: https:\/\/sillaselevadoras.es\/ SITUACI\u00d3N DE CUMPLIMIENTO Este sitio web es parcialmente [&hellip;]<\/p>\n","protected":false},"author":1,"featured_media":0,"parent":0,"menu_order":0,"comment_status":"closed","ping_status":"closed","template":"","meta":{"footnotes":""},"class_list":["post-2335","page","type-page","status-publish","hentry"],"yoast_head":"<!-- This site is optimized with the Yoast SEO Premium plugin v27.4 (Yoast SEO v27.4) - https:\/\/yoast.com\/product\/yoast-seo-premium-wordpress\/ -->\n<title>- Sillas Elevadoras<\/title>\n<meta name=\"robots\" content=\"index, follow, max-snippet:-1, max-image-preview:large, max-video-preview:-1\" \/>\n<link rel=\"canonical\" href=\"https:\/\/sillaselevadoras.es\/ca\/declaracion-de-accesibilidad\/\" \/>\n<meta property=\"og:locale\" content=\"ca_ES\" \/>\n<meta property=\"og:type\" content=\"article\" \/>\n<meta property=\"og:description\" content=\"DECLARACI\u00d3N DE ACCESIBILIDAD Accessibilitat Catalunya SL se ha comprometido a hacer accesible su sitio web de conformidad con el Real Decreto 1112\/2018, de 7 de septiembre, sobre accesibilidad de los sitios web y aplicaciones para dispositivos m\u00f3viles del sector p\u00fablico. La presente declaraci\u00f3n se aplica a: https:\/\/sillaselevadoras.es\/ SITUACI\u00d3N DE CUMPLIMIENTO Este sitio web es parcialmente [&hellip;]\" \/>\n<meta property=\"og:url\" content=\"https:\/\/sillaselevadoras.es\/ca\/declaracion-de-accesibilidad\/\" \/>\n<meta property=\"og:site_name\" content=\"Sillas Elevadoras\" \/>\n<meta property=\"article:modified_time\" content=\"2024-04-05T09:52:47+00:00\" \/>\n<meta name=\"twitter:card\" content=\"summary_large_image\" \/>\n<meta name=\"twitter:label1\" content=\"Temps estimat de lectura\" \/>\n\t<meta name=\"twitter:data1\" content=\"3 minuts\" \/>\n<script type=\"application\/ld+json\" class=\"yoast-schema-graph\">{\"@context\":\"https:\\\/\\\/schema.org\",\"@graph\":[{\"@type\":\"WebPage\",\"@id\":\"https:\\\/\\\/sillaselevadoras.es\\\/declaracion-de-accesibilidad\\\/\",\"url\":\"https:\\\/\\\/sillaselevadoras.es\\\/declaracion-de-accesibilidad\\\/\",\"name\":\"- Sillas Elevadoras\",\"isPartOf\":{\"@id\":\"https:\\\/\\\/sillaselevadoras.es\\\/#website\"},\"datePublished\":\"2024-04-03T13:27:34+00:00\",\"dateModified\":\"2024-04-05T09:52:47+00:00\",\"inLanguage\":\"ca\",\"potentialAction\":[{\"@type\":\"ReadAction\",\"target\":[\"https:\\\/\\\/sillaselevadoras.es\\\/declaracion-de-accesibilidad\\\/\"]}]},{\"@type\":\"WebSite\",\"@id\":\"https:\\\/\\\/sillaselevadoras.es\\\/#website\",\"url\":\"https:\\\/\\\/sillaselevadoras.es\\\/\",\"name\":\"Sillas Elevadoras\",\"description\":\"Sillas salvaescaleras\",\"publisher\":{\"@id\":\"https:\\\/\\\/sillaselevadoras.es\\\/#organization\"},\"potentialAction\":[{\"@type\":\"SearchAction\",\"target\":{\"@type\":\"EntryPoint\",\"urlTemplate\":\"https:\\\/\\\/sillaselevadoras.es\\\/?s={search_term_string}\"},\"query-input\":{\"@type\":\"PropertyValueSpecification\",\"valueRequired\":true,\"valueName\":\"search_term_string\"}}],\"inLanguage\":\"ca\"},{\"@type\":\"Organization\",\"@id\":\"https:\\\/\\\/sillaselevadoras.es\\\/#organization\",\"name\":\"Sillas Elevadoras\",\"url\":\"https:\\\/\\\/sillaselevadoras.es\\\/\",\"logo\":{\"@type\":\"ImageObject\",\"inLanguage\":\"ca\",\"@id\":\"https:\\\/\\\/sillaselevadoras.es\\\/#\\\/schema\\\/logo\\\/image\\\/\",\"url\":\"https:\\\/\\\/sillaselevadoras.es\\\/wp-content\\\/uploads\\\/2023\\\/12\\\/Sillas-elevadoras-Logo-72-ppp-1.png\",\"contentUrl\":\"https:\\\/\\\/sillaselevadoras.es\\\/wp-content\\\/uploads\\\/2023\\\/12\\\/Sillas-elevadoras-Logo-72-ppp-1.png\",\"width\":842,\"height\":596,\"caption\":\"Sillas Elevadoras\"},\"image\":{\"@id\":\"https:\\\/\\\/sillaselevadoras.es\\\/#\\\/schema\\\/logo\\\/image\\\/\"}}]}<\/script>\n<!-- \/ Yoast SEO Premium plugin. -->","yoast_head_json":{"title":"- Sillas Elevadoras","robots":{"index":"index","follow":"follow","max-snippet":"max-snippet:-1","max-image-preview":"max-image-preview:large","max-video-preview":"max-video-preview:-1"},"canonical":"https:\/\/sillaselevadoras.es\/ca\/declaracion-de-accesibilidad\/","og_locale":"ca_ES","og_type":"article","og_description":"DECLARACI\u00d3N DE ACCESIBILIDAD Accessibilitat Catalunya SL se ha comprometido a hacer accesible su sitio web de conformidad con el Real Decreto 1112\/2018, de 7 de septiembre, sobre accesibilidad de los sitios web y aplicaciones para dispositivos m\u00f3viles del sector p\u00fablico. La presente declaraci\u00f3n se aplica a: https:\/\/sillaselevadoras.es\/ SITUACI\u00d3N DE CUMPLIMIENTO Este sitio web es parcialmente [&hellip;]","og_url":"https:\/\/sillaselevadoras.es\/ca\/declaracion-de-accesibilidad\/","og_site_name":"Sillas Elevadoras","article_modified_time":"2024-04-05T09:52:47+00:00","twitter_card":"summary_large_image","twitter_misc":{"Temps estimat de lectura":"3 minuts"},"schema":{"@context":"https:\/\/schema.org","@graph":[{"@type":"WebPage","@id":"https:\/\/sillaselevadoras.es\/declaracion-de-accesibilidad\/","url":"https:\/\/sillaselevadoras.es\/declaracion-de-accesibilidad\/","name":"- Sillas Elevadoras","isPartOf":{"@id":"https:\/\/sillaselevadoras.es\/#website"},"datePublished":"2024-04-03T13:27:34+00:00","dateModified":"2024-04-05T09:52:47+00:00","inLanguage":"ca","potentialAction":[{"@type":"ReadAction","target":["https:\/\/sillaselevadoras.es\/declaracion-de-accesibilidad\/"]}]},{"@type":"WebSite","@id":"https:\/\/sillaselevadoras.es\/#website","url":"https:\/\/sillaselevadoras.es\/","name":"Sillas Elevadoras","description":"Sillas salvaescaleras","publisher":{"@id":"https:\/\/sillaselevadoras.es\/#organization"},"potentialAction":[{"@type":"SearchAction","target":{"@type":"EntryPoint","urlTemplate":"https:\/\/sillaselevadoras.es\/?s={search_term_string}"},"query-input":{"@type":"PropertyValueSpecification","valueRequired":true,"valueName":"search_term_string"}}],"inLanguage":"ca"},{"@type":"Organization","@id":"https:\/\/sillaselevadoras.es\/#organization","name":"Sillas Elevadoras","url":"https:\/\/sillaselevadoras.es\/","logo":{"@type":"ImageObject","inLanguage":"ca","@id":"https:\/\/sillaselevadoras.es\/#\/schema\/logo\/image\/","url":"https:\/\/sillaselevadoras.es\/wp-content\/uploads\/2023\/12\/Sillas-elevadoras-Logo-72-ppp-1.png","contentUrl":"https:\/\/sillaselevadoras.es\/wp-content\/uploads\/2023\/12\/Sillas-elevadoras-Logo-72-ppp-1.png","width":842,"height":596,"caption":"Sillas Elevadoras"},"image":{"@id":"https:\/\/sillaselevadoras.es\/#\/schema\/logo\/image\/"}}]}},"_links":{"self":[{"href":"https:\/\/sillaselevadoras.es\/ca\/wp-json\/wp\/v2\/pages\/2335","targetHints":{"allow":["GET"]}}],"collection":[{"href":"https:\/\/sillaselevadoras.es\/ca\/wp-json\/wp\/v2\/pages"}],"about":[{"href":"https:\/\/sillaselevadoras.es\/ca\/wp-json\/wp\/v2\/types\/page"}],"author":[{"embeddable":true,"href":"https:\/\/sillaselevadoras.es\/ca\/wp-json\/wp\/v2\/users\/1"}],"replies":[{"embeddable":true,"href":"https:\/\/sillaselevadoras.es\/ca\/wp-json\/wp\/v2\/comments?post=2335"}],"version-history":[{"count":6,"href":"https:\/\/sillaselevadoras.es\/ca\/wp-json\/wp\/v2\/pages\/2335\/revisions"}],"predecessor-version":[{"id":2356,"href":"https:\/\/sillaselevadoras.es\/ca\/wp-json\/wp\/v2\/pages\/2335\/revisions\/2356"}],"wp:attachment":[{"href":"https:\/\/sillaselevadoras.es\/ca\/wp-json\/wp\/v2\/media?parent=2335"}],"curies":[{"name":"wp","href":"https:\/\/api.w.org\/{rel}","templated":true}]}}